{"version":"1.0","provider_name":"Virtu\u00e1lis Notesz. Balla D. K\u00e1roj jegyzetei","provider_url":"https:\/\/noteszgep.cafeblog.hu","author_name":"Balla D. K\u00e1roj","author_url":"https:\/\/noteszgep.cafeblog.hu\/author\/ungpartygmail-com\/","title":"Orb\u00e1n arc\u00e1tlanul pimasz","html":"<div>\r\n<div style=\"text-align: right\"><span style=\"font-size: x-small\">Olvasd el ezt is: <a href=\"http:\/\/ungparty.net\/blog\/2012\/01\/07\/orban-negyedik-utja\/\">Orb\u00e1n negyedik \u00fatja: az elsunnyogott fordulat<\/a><\/span><\/div>\r\n<br \/><b>A magyar gazdas\u00e1gi \u00e9s politikai helyzettel foglalkozott szombati sz\u00e1m\u00e1ban a Frankfurter Allgemeine Zeitung c\u00edm\u0171 n\u00e9met konzervat\u00edv \u00fajs\u00e1g, a Die Welt c\u00edm\u0171 konzervat\u00edv lap, a Berliner Zeitung c\u00edm\u0171 baloldali lap \u00e9s a liber\u00e1lis Tagesspiegel, \u00e9s a Spiegel Online, valamint az osztr\u00e1k Die Presse \u00e9s a Der Standard.<\/b><\/div>\r\n<p><br \/>MTI\/Index <br \/><br \/><b>Die Welt<\/b><br \/><br \/>A Die Welt komment\u00e1rt szentelt a magyar gazdas\u00e1gi helyzetnek Semmi p\u00e9nzt Orb\u00e1n Viktornak c\u00edmmel. A szerz\u0151, Jan Dams szerint \"Orb\u00e1n Viktor magyar korm\u00e1nyf\u0151 arc\u00e1tlanul pimasz\", hiszen ki\u00fcres\u00edti a demokr\u00e1ci\u00e1t \u00e9s megs\u00e9rt sz\u00e1mos \u00e9rt\u00e9ket, amelyek mellett Eur\u00f3pa elk\u00f6telezte mag\u00e1t \u00e9s, most pedig \u00e9ppen \u0151 az, aki \u00fajabb hitelt k\u00e9r az Eur\u00f3pai Uni\u00f3t\u00f3l (EU) \u00e9s a Nemzetk\u00f6zi Valutaalapt\u00f3l (IMF).<br \/><br \/>A szerz\u0151 kifejtette: az EU-nak \u00e9s az IMF-nek \"a politikailag \u00e9s gazdas\u00e1gilag rossz \u00faton j\u00e1r\u00f3\" Magyarorsz\u00e1g p\u00e9nz\u00fcgyi t\u00e1mogat\u00e1sa helyett \"az eddigin\u00e9l j\u00f3val nagyobb nyom\u00e1st kell gyakorolni az Orb\u00e1n-korm\u00e1nyra. Aki nem tartja be a demokratikus alapszab\u00e1lyokat, az nem v\u00e1rhatja el, hogy N\u00e9metorsz\u00e1g, Franciaorsz\u00e1g \u00e9s m\u00e1s EU-s orsz\u00e1gok ad\u00f3fizet\u0151it\u0151l sz\u00e1rmaz\u00f3 p\u00e9nzzel t\u00f6mj\u00e9k ki. Ez ilyen egyszer\u0171. Miel\u0151tt Magyarorsz\u00e1g megkapja a t\u00e1mogat\u00e1st, amelynek \u00e1tutal\u00e1s\u00e1hoz az eur\u00f3paiak \u00e1ld\u00e1sa sz\u00fcks\u00e9ges, Budapestnek v\u00e1ltoztatnia kell az ir\u00e1nyvonal\u00e1n. Minden m\u00e1s megold\u00e1s az EU alapvet\u0151 \u00e9rt\u00e9keinek az el\u00e1rul\u00e1s\u00e1t jelenten\u00e9\" \u2013 \u00edrta a Die Welt.<br \/><br \/><b>Berliner Zeitung<\/b><br \/><br \/>A Berliner Zeitung <a href=\"https:\/\/weblap.org\/infrapanel-futes\/\" target=\"_blank\" rel=\"noopener\">v\u00e9lem\u00e9nyoldal\u00e1n<\/a> Frank Herold \u00dctk\u00f6z\u0151p\u00e1ly\u00e1n c\u00edm\u0171 \u00edr\u00e1s\u00e1ban kifejtette: \"Magyarorsz\u00e1gnak van egy dr\u00e1mai probl\u00e9m\u00e1ja, Orb\u00e1n Viktornak h\u00edvj\u00e1k.\"<br \/><br \/>A szerz\u0151 felvetette: \"Mit lehet tenni egy demokratikusan megv\u00e1lasztott minisztereln\u00f6kkel, aki g\u00e1tl\u00e1stalanul a demokr\u00e1cia el\u00e1rul\u00e1s\u00e1ra haszn\u00e1lja felhatalmaz\u00e1s\u00e1t?\" Kifejtette: Orb\u00e1n Viktor politik\u00e1ja olyan p\u00e1ly\u00e1n halad, amely \u00f6ssze\u00fctk\u00f6z\u00e9shez vezet \"saj\u00e1t n\u00e9pe egyes csoportjaival \u00e9s az EU-val\". Hozz\u00e1tette: az EU m\u00e9g biztos\u00edt kell\u0151 mozg\u00e1steret ahhoz, hogy Orb\u00e1n let\u00e9rjen az \u00fctk\u00f6z\u0151p\u00e1ly\u00e1r\u00f3l, de ha tov\u00e1bbra sem m\u00f3dos\u00edt ir\u00e1nyvonal\u00e1n, akkor \"v\u00e9gre cselekedni kell.\" Hangs\u00falyozta: \"Az EU-nak nem szabad Magyarorsz\u00e1got tov\u00e1bb t\u00e1mogatni eur\u00f3pai ad\u00f3fizet\u0151kt\u0151l sz\u00e1rmaz\u00f3 p\u00e9nzzel, ha az Orb\u00e1n-korm\u00e1ny tov\u00e1bbra is semmibe veszi a demokr\u00e1ci\u00e1t \u00e9s az alapvet\u0151 szabads\u00e1gjogokat.\"<br \/><br \/>A Berliner Zeitung gazdas\u00e1gi rovat\u00e1ban Ausztria meginog, ha Magyarorsz\u00e1g elesik c\u00edmmel jelent meg besz\u00e1mol\u00f3. A szerz\u0151k elemz\u0151ket id\u00e9zve kifejtik, hogy Magyarorsz\u00e1g esetleges \u00e1llamcs\u0151dje az EU sz\u00e1m\u00e1ra nem lenne nagy probl\u00e9ma, hiszen a huszonhetek \u00f6sszes\u00edtett hazai \u00f6sszterm\u00e9k\u00e9ben (GDP) Magyarorsz\u00e1g r\u00e9szar\u00e1nya csup\u00e1n 0,8 sz\u00e1zal\u00e9k. Ez l\u00e9nyegesen kisebb, mint G\u00f6r\u00f6gorsz\u00e1g 1,8 sz\u00e1zal\u00e9kos r\u00e9szar\u00e1nya, enn\u00e9lfogva Magyarorsz\u00e1g nem jelent rendszerszint\u0171 kock\u00e1zatot. Ugyanakkor az esetleges magyar cs\u0151d problematikus lehet Ausztria sz\u00e1m\u00e1ra, mert \u00e1llami seg\u00edts\u00e9gre szoruln\u00e1nak az osztr\u00e1k bankok.<br \/><br \/><b>Frankfurter Allgemeine Zeitung<\/b><br \/><br \/>A Frankfurter Allgemeine Zeitung gazdas\u00e1gi rovat\u00e1ban Magyarorsz\u00e1g sz\u00edv\u00f3hat\u00e1sa \u00e1tterjed Ausztri\u00e1ra c\u00edmmel k\u00f6z\u00f6lt besz\u00e1mol\u00f3t, amely szerint befektet\u0151k att\u00f3l tartanak, hogy a \"magyarorsz\u00e1gi bizalmi v\u00e1ls\u00e1g\" hat\u00e1sa \u00e1tterjedhet Ausztri\u00e1ra, \u00e9s ennek jelek\u00e9nt \u00e9rtelmezhet\u0151, hogy az osztr\u00e1k \u00e1llampap\u00edrok hozama jelent\u0151sen emelkedett az ut\u00f3bbi id\u0151szakban.<br \/>Der Tagesspiegel<br \/><br \/>A Der Tagesspiegel szint\u00e9n gazdas\u00e1gi rovat\u00e1ban A magyar politika elj\u00e1tssza a hitel\u00e9t c\u00edmmel ismertette a magyar gazdas\u00e1gra \u00e9s a gazdas\u00e1gpolitik\u00e1ra vonatkoz\u00f3 legut\u00f3bbi fejlem\u00e9nyeket. A Fitch nemzetk\u00f6zi hitelmin\u0151s\u00edt\u0151 p\u00e9nteken bejelentett l\u00e9p\u00e9s\u00e9vel kapcsolatban megjegyezte: \"a rendk\u00edv\u00fcli m\u00e9rt\u00e9kben emelked\u0151 \u00e1llampap\u00edr-hozamok miatt a kelet-eur\u00f3pai orsz\u00e1g gyakorlatilag kiszorult a t\u0151kepiacr\u00f3l\", \u00e9s gyors seg\u00edts\u00e9g n\u00e9lk\u00fcl hamarosan cs\u0151dvesz\u00e9lybe ker\u00fclhet.<br \/><br \/><b>Der Spiegel<\/b><br \/><br \/>A Spiegel Online Christina Hebel \u00edr\u00e1s\u00e1t k\u00f6z\u00f6lte. A szerz\u0151 szerint a jelenlegi helyzet eml\u00e9keztet az egy \u00e9vvel kor\u00e1bbira, amikor a m\u00e9diat\u00f6rv\u00e9ny miatt v\u00e1rtak sokan hat\u00e1rozott fell\u00e9p\u00e9st az Eur\u00f3pai Bizotts\u00e1gt\u00f3l (EB). Most \"a demokratikus alapjogok ki\u00fcres\u00edt\u00e9s\u00e9r\u0151l van sz\u00f3 \u2013 Orb\u00e1n ism\u00e9t k\u00f3stolgatja az EU-t \u00e9s s\u00e9rtegeti az Eur\u00f3pai Bizotts\u00e1got (EB)\" \u2013 v\u00e9lekedett Hebel.<br \/><br \/>Az EB egyel\u0151re tart\u00f3zkodik az \u00e9les b\u00edr\u00e1latt\u00f3l, ezt pedig t\u00f6bben kifog\u00e1solj\u00e1k. \"Barroso m\u00e1r egy \u00e9ve t\u00fal puh\u00e1n reag\u00e1l\" \u2013 mondta a Spiegel Online-nak Hannes Swoboda, az Eur\u00f3pai Parlament (EP) szocialista frakci\u00f3j\u00e1nak helyettes vezet\u0151je, aki szerint az EB eln\u00f6k\u00e9nek \u2013 aki Orb\u00e1n Viktorral egy\u00fctt az Eur\u00f3pai N\u00e9pp\u00e1rt csal\u00e1dj\u00e1hoz tartozik \u2013 nem szabad tov\u00e1bb k\u00edm\u00e9lnie p\u00e1rtt\u00e1rs\u00e1t.<br \/><br \/>Omnid Nouripur, a n\u00e9met Z\u00f6ldek k\u00fclpolitikai szakpolitikusa egyebek k\u00f6z\u00f6tt azt mondta a Spiegel Online-nak, hogy Hillary Clinton Budapestnek megk\u00fcld\u00f6tt figyelmeztet\u0151 levele \u00e9s az eur\u00f3pai \u00e1llamok t\u00e9tlens\u00e9ge k\u00f6z\u00f6tt fesz\u00edt\u0151 ellent\u00e9t l\u00e1tszik. \"Az EU m\u00e1r megint lej\u00e1ratta mag\u00e1t v\u00e1ls\u00e1gkezel\u00e9sben\" \u2013 fogalmazott a politikus.<br \/><br \/><b>Die Presse<\/b><br \/><br \/>Magyarorsz\u00e1g \u00e1llamcs\u0151dje eset\u00e9n vesz\u00e9lybe ker\u00fcl Ausztria kiv\u00e1l\u00f3 ad\u00f3soszt\u00e1lyzata \u2013 \u00edrta a Die Presse. A konzervat\u00edv napilap cikk\u00e9ben \u00fagy fogalmaz, hogy Magyarorsz\u00e1g s\u00fcrg\u0151sen az IMF \u00e9s az EU \"t\u0151keinjekci\u00f3j\u00e1ra\" szorul. Felid\u00e9zte, hogy a forint \u00e1rfolyama m\u00e9lypontra zuhant, egyidej\u0171leg az \u00e1llamk\u00f6tv\u00e9nyek t\u00f6rleszt\u00e9skock\u00e1zati \u00e1raz\u00e1sa cs\u00facsot \u00e9rt el. A lap megl\u00e1t\u00e1sa szerint Orb\u00e1n Viktor \"makacsul kitart\". \"Egy v\u00e1ls\u00e1gtan\u00e1cskoz\u00e1s ut\u00e1n Orb\u00e1n bejelentette, hogy a korm\u00e1ny gyors megegyez\u00e9sre t\u00f6rekszik az IMF-fel \u00e9s az EU-val. A vitatott jegybankt\u00f6rv\u00e9ny megv\u00e1ltoztat\u00e1sa azonban nem j\u00f6n sz\u00f3ba a (korm\u00e1nyf\u0151) sz\u00e1m\u00e1ra\" \u2013 fogalmazott a lap a Simor Andr\u00e1s jegybankeln\u00f6kkel tartott tal\u00e1lkoz\u00f3 ut\u00e1ni sajt\u00f3t\u00e1j\u00e9koztat\u00f3r\u00f3l besz\u00e1molva.<br \/><br \/>A Die Presse r\u00e1mutatott, hogy osztr\u00e1k bankok \u00f6sszesen mintegy 32 milli\u00e1rd eur\u00f3nyi hitelt helyeztek ki Magyarorsz\u00e1gon. \"Sokan m\u00e1r most nem tudj\u00e1k t\u00f6rleszteni a hitel\u00fcket\" \u2013 tette hozz\u00e1. A BNP Paribas elemz\u0151je, Michal Dybula a lapnak nyilatkozva \u00fagy v\u00e9lekedett, hogy egy magyar \u00e1llamcs\u0151d eset\u00e9n Ausztria elvesz\u00edtheti kiv\u00e1l\u00f3 ad\u00f3sbesorol\u00e1s\u00e1t.<br \/><br \/><b>Der Standard<\/b><br \/><br \/>A Der Standard a PSZ\u00c1F adatai alapj\u00e1n besz\u00e1molt arr\u00f3l, hogy november \u00e9s december v\u00e9ge k\u00f6z\u00f6tt mintegy k\u00e9tszeres\u00e9re, 94 ezerre n\u0151tt azoknak az \u00fcgyfeleknek a sz\u00e1ma, akik \u00e9ltek a v\u00e9gt\u00f6rleszt\u00e9s lehet\u0151s\u00e9g\u00e9vel, \u00e9s tov\u00e1bbi mintegy k\u00e9tsz\u00e1zezer sz\u00e1nd\u00e9knyilatkozat \u00e9rkezett. Kit\u00e9rt arra is, hogy a bankoknak a devizahitelek r\u00f6gz\u00edtett \u00e1tv\u00e1lt\u00e1si \u00e1rfolyama \u00e9s a piaci \u00e1rfolyam k\u00f6z\u00f6tti k\u00fcl\u00f6nbs\u00e9gb\u0151l ered\u0151 k\u00f6lts\u00e9ge 174 milli\u00e1rd forint volt a m\u00e1r teljes\u00edtett v\u00e9gt\u00f6rleszt\u00e9sek eset\u00e9ben. Emellett a forint \u00e1rfolyam\u00e1nak m\u00e9lypontra zuhan\u00e1sa is f\u00e1jdalmas hat\u00e1ssal lehet a bankokra \u2013 tette hozz\u00e1.<br \/><br \/>----- <br \/><br \/><br \/><b>\"Magyarorsz\u00e1g h\u00e1tat ford\u00edt a demokr\u00e1ci\u00e1nak\" <\/b><br \/><br \/>A brit Independent mai vez\u00e9rcikk\u00e9ben foglalkozik a magyarorsz\u00e1gi helyzettel. A Magyarorsz\u00e1g h\u00e1tet ford\u00edt a demokr\u00e1ci\u00e1nak c\u00edm\u0171 \u00edr\u00e1sban az \u00e1ll: \"Orb\u00e1n Viktor, az 1989-es forradalom ellenz\u00e9ki h\u0151se\" tov\u00e1bbra is rendk\u00edv\u00fcl n\u00e9pszer\u0171, \u00e9s a k\u00e9tharmados parlamenti t\u00f6bbs\u00e9g r\u00e9v\u00e9n \"gyakorlatilag b\u00e1rmit megtehet.\" \u00dagy t\u0171nik viszont, hogy nem vonta le a tanuls\u00e1gait annak a t\u00f6rt\u00e9nelmi mozgalomnak, amely megd\u00f6nt\u00f6tte a kelet-eur\u00f3pai kommunista zsarnoks\u00e1got. A cikk szerz\u0151je szerint \"cs\u00fasz\u00f3s lejt\u0151re ker\u00fcl\" az az orsz\u00e1g, ahol a zsarnoks\u00e1g megveti a l\u00e1b\u00e1t. <br \/><br \/><b>Martonyi nyugtatja a ked\u00e9lyeket <\/b><br \/><br \/>A k\u00fcl\u00fcgyminiszter a francia Le Figaro c\u00edm\u0171 lapnak azt mondta: meggy\u0151z\u0151d\u00e9se, hogy nem fognak kudarcot vallani az IMF-fel \u00e9s az EU-val folytatott t\u00e1rgyal\u00e1sok. Mint fogalmazott, a magyar korm\u00e1ny mindenr\u0151l k\u00e9sz t\u00e1rgyalni. Ugyanakkor visszautas\u00edtott minden v\u00e1dat, amely szerint a korm\u00e1ny l\u00e9p\u00e9sei korl\u00e1tozn\u00e1k a demokr\u00e1ci\u00e1t Magyarorsz\u00e1gon. Egy\u00fattal v\u00e9delm\u00e9be vette Orb\u00e1n Viktor minisztereln\u00f6k\u00f6t, akinek demokratikus elk\u00f6telezetts\u00e9g\u00e9t szerinte \"nem szabad k\u00e9ts\u00e9gbe vonni\", s akit \"dikt\u00e1tornak min\u0151s\u00edteni is teljesen abszurd, igazs\u00e1gtalan \u00e9s rossz izl\u00e9sre vall.\"<\/p>\r\n<ul>\r\n<li>Forr\u00e1s: H\u00edr24\/MTI<\/li>\r\n<\/ul>\r\n<p><br \/>\u00a0Olvasd el ezt is:<\/p>\r\n<ul>\r\n<li><a href=\"http:\/\/ungparty.net\/blog\/2012\/01\/07\/orban-negyedik-utja\/\" target=\"_blank\" rel=\"noopener\">Orb\u00e1n negyedik \u00fatja: az elsunnyogott fordulat<\/a><\/li>\r\n<\/ul>","type":"rich"}