{"version":"1.0","provider_name":"Virtu\u00e1lis Notesz. Balla D. K\u00e1roj jegyzetei","provider_url":"https:\/\/noteszgep.cafeblog.hu","author_name":"Balla D. K\u00e1roj","author_url":"https:\/\/noteszgep.cafeblog.hu\/author\/ungpartygmail-com\/","title":"F\u00fcggelmi viszony a Pl\u00e1gium-d\u00edjas disszert\u00e1ci\u00f3 m\u00f6g\u00f6tt","html":"<p>Olyan emberek \u00e9rt\u00e9kelt\u00e9k jelesre \u00e9s engedt\u00e9k \u00e1t Schmitt P\u00e1l \u00e1llamf\u0151 pl\u00e1giumgyan\u00fas doktori disszert\u00e1ci\u00f3j\u00e1t, akik tagjai voltak egy szervezetnek, amelyet az akkor Schmitt \u00e1ltal vezetett Magyar Olimpiai Bizotts\u00e1g hozott l\u00e9tre. A szervezet az olimpiai m\u00falt gondoz\u00e1s\u00e1\u00e9rt felelt, \u00e9s 1990-ig Schmitt vezette. Az egyik b\u00edr\u00e1l\u00f3 szerint rendben volt Schmitt l\u00e1bjegyzeteket mell\u0151z\u0151 dolgozata, \u00e9s politikai t\u00e1mad\u00e1s az eg\u00e9sz \u00fcgy.<br \/><br \/>Schmitt P\u00e1l doktor\u00e1l\u00e1s\u00e1nak \u00e9v\u00e9ben, 1992-ben lett a Magyar Olimpiai Akad\u00e9mia (MOA) Tan\u00e1cs\u00e1nak tagja Kert\u00e9sz Istv\u00e1n \u00f3kort\u00f6rt\u00e9n\u00e9sz, az \u00e1llamf\u0151 pl\u00e1giumgyan\u00faba keveredett doktori disszert\u00e1ci\u00f3j\u00e1nak egyik b\u00edr\u00e1l\u00f3ja.\u00a0Az nem vil\u00e1gos, hogy a tags\u00e1got Schmitt dolgozat\u00e1nak elb\u00edr\u00e1l\u00e1sa el\u0151tt vagy ut\u00e1n szerezte-e. Kert\u00e9sz az [origo]-nak cs\u00fct\u00f6rt\u00f6k\u00f6n d\u00e9lel\u0151tt azt mondta,\u00a0formai kifog\u00e1sai ellen\u00e9re j\u00f3nak \u00e9s szakszer\u0171nek tal\u00e1lta, \u00e9s v\u00e9g\u00fcl summa cum laude \u00e9rt\u00e9kelte Schmitt dolgozat\u00e1t.<br \/><br \/>Az \u00e1llamf\u0151 doktori disszert\u00e1ci\u00f3j\u00e1r\u00f3l szerd\u00e1n a Hvg.hu azt \u00edrta, legnagyobb r\u00e9sze egy bolg\u00e1r sportkutat\u00f3 n\u00e9h\u00e1ny \u00e9vvel kor\u00e1bbi k\u00f6nyv\u00e9nek szinte sz\u00f3 szerinti \u00e1tv\u00e9tele, a sz\u00f6vegb\u0151l viszont hi\u00e1nyoznak a l\u00e1bjegyzetek \u00e9s az eredeti m\u0171re, Nikolaj Georgijev francia nyelven \u00edrt <i>Az olimpiai j\u00e1t\u00e9kok programj\u00e1nak elemz\u00e9se<\/i> c\u00edm\u0171 k\u00f6nyv\u00e9re utal\u00f3 hivatkoz\u00e1sok. A K\u00f6zt\u00e1rsas\u00e1gi Eln\u00f6ki hivatal visszautas\u00edtotta, hogy Schmitt koppintotta volna a dolgozatot.<br \/><br \/>Kert\u00e9sz Istv\u00e1n a honlapj\u00e1n tal\u00e1lhat\u00f3 \u00f6n\u00e9letrajz\u00e1ban eml\u00edti, hogy 1992-ben lett a Magyar Olimpiai Akad\u00e9mia Tan\u00e1cs\u00e1nak tagja. Az akad\u00e9mi\u00e1t\u00a0a Magyar Olimpiai Bizotts\u00e1g (MOB) hozta l\u00e9tre,\u00a0ut\u00f3bbi szervezet eln\u00f6ke 1990 \u00e9s 2010 k\u00f6z\u00f6tt - teh\u00e1t a doktor\u00e1l\u00e1s \u00e9v\u00e9ben is - Schmitt P\u00e1l volt. A doktori disszert\u00e1ci\u00f3 a m\u00e1sik b\u00edr\u00e1l\u00f3t\u00f3l, Tak\u00e1cs Ferenct\u0151l is summa cum laude min\u0151s\u00edt\u00e9st kapott. Tak\u00e1cs az alap\u00edt\u00e1s, teh\u00e1t 1985 \u00f3ta tagja a Magyar Olimpiai Akad\u00e9mia Tan\u00e1cs\u00e1nak. Ez a szervezet honlapj\u00e1n szerepl\u0151, a tan\u00e1cstagokat bemutat\u00f3 list\u00e1b\u00f3l der\u00fcl ki. A szervezet els\u0151 eln\u00f6ke 1990-ig maga Schmitt P\u00e1l volt.<br \/><br \/>A MOA-t a honlapj\u00e1n szerepl\u0151 le\u00edr\u00e1s szerint \"az\u00e9rt h\u00edvta \u00e9letre a Magyar Olimpiai Bizotts\u00e1g, hogy legyen egy \u00f6n\u00e1ll\u00f3 test\u00fclet, amely \u00e9rt\u0151 m\u00f3don gondozza a csod\u00e1latos magyar olimpiai m\u00faltat, egyszersmind azon is munk\u00e1lkodik, hogy a j\u00f6v\u0151 nemzed\u00e9kei sz\u00e1m\u00e1ra is ugyanazt jelentse az \u00f6tkarika, amit ap\u00e1iknak \u00e9s nagyap\u00e1iknak\".\u00a0Az akad\u00e9mia\u00a0a honlapja szerint \u00e9vente t\u00f6bb mint k\u00e9tsz\u00e1z esem\u00e9nyt szervez, v\u00e1ndorgy\u0171l\u00e9seket, vet\u00e9lked\u0151ket, versenyeket, ki\u00e1ll\u00edt\u00e1sokat rendez, megeml\u00e9kez\u00e9seket\u00a0tart.<br \/><br \/>Schmitt P\u00e1l\u00a0disszert\u00e1ci\u00f3b\u00edr\u00e1lata \u00e9s a MOB \u00e1ltal alap\u00edtott\u00a0olimpiai akad\u00e9miai tan\u00e1cstags\u00e1g esetleges \u00f6sszef\u00e9rhetetlens\u00e9g\u00e9r\u0151l cs\u00fct\u00f6rt\u00f6k\u00f6n d\u00e9lut\u00e1n az [origo] szerette volna megk\u00e9rdezni\u00a0a k\u00e9t egyetemi tan\u00e1rt is, de ekkor m\u00e1r hi\u00e1ba pr\u00f3b\u00e1ltuk el\u00e9rni Kert\u00e9sz Istv\u00e1nt, m\u00e1r nem vette fel a telefont. Nem tudtuk el\u00e9ni cs\u00fct\u00f6rt\u00f6k\u00f6n Tak\u00e1cs Ferencet,\u00a0aki most is a Semmelweis Egyetemen oktat - ide olvadt be az egykori Testnevel\u00e9si Egyetem, amelyen az \u00e1llamf\u0151 1992-ben megv\u00e9dte disszert\u00e1ci\u00f3j\u00e1t.<br \/><br \/>Az elm\u00falt \u00e9vekben kem\u00e9nyen b\u00fcntett\u00e9k azokat a kutat\u00f3kat, akikr\u0151l kider\u00fclt, hogy koppintott\u00e1k doktori dolgozatuk egy r\u00e9sz\u00e9t, a doktori c\u00edmeket visszavont\u00e1k.\u00a0De a\u00a0doktori programok\u00e9rt felel\u0151s Magyar Akkredit\u00e1ci\u00f3s Bizotts\u00e1g eln\u00f6ke, Bazsa Gy\u00f6rgy szerint ritk\u00e1n fordul el\u0151, hogy doktorokat pl\u00e1giummal gyan\u00fas\u00edtanak, mivel minden disszert\u00e1ci\u00f3 szigor\u00fa szakmai fel\u00fcgyelet alatt k\u00e9sz\u00fcl. Az egyetemek egyre ink\u00e1bb r\u00e9sen vannak, <a href=\"https:\/\/ungparty.net\/online\/hordozhato-szamitogep-laptop-tablet\/\" target=\"_blank\" rel=\"noopener\">speci\u00e1lis sz\u00e1m\u00edt\u00f3g\u00e9pes programokkal<\/a> vad\u00e1sznak a gondolattolvajokra.<br \/><br \/>(forr\u00e1s)<br \/>M\u00e9g a t\u00e9m\u00e1ban az Orig\u00f3n: <br \/><br \/>A d\u00e9k\u00e1n nem k\u00e9telkedik Schmitt P\u00e1l doktorij\u00e1ban<br \/>V\u00e9delm\u00e9be vette a\u00a0pl\u00e1giummal\u00a0v\u00e1dolt \u00e1llamf\u0151t a testnevel\u00e9si kar d\u00e9k\u00e1nja, aki\u00a0szerint nincs ok azt felt\u00e9telezni, hogy Schmitt P\u00e1l disszert\u00e1ci\u00f3j\u00e1t nem az akkor \u00e9rv\u00e9nyes szab\u00e1lyoknak megfelel\u0151en b\u00edr\u00e1lt\u00e1k el. A d\u00e9k\u00e1n szerint a szak\u00e9rt\u0151k akkor megfelel\u0151nek tal\u00e1lt\u00e1k az \u00e9rtekez\u00e9st, \u00e9s \u00edgy adt\u00e1k meg a doktori c\u00edmet Schmittnek.<br \/><br \/><br \/>A fair playr\u0151l ismeri Schmittet a fideszes doktor<br \/>A k\u00f6z\u00e9leti szerepl\u0151k lej\u00e1rat\u00e1s\u00e1ra specializ\u00e1l\u00f3dott osztagok t\u00e1mad\u00e1sa \u00e1llhat a m\u00f6g\u00f6tt, hogy Schmitt P\u00e1l \u00e1llamf\u0151 dolgozata pl\u00e1giumgyan\u00faba keveredett - \u00e1ll\u00edtott\u00e1k az [origo] \u00e1ltal megk\u00e9rdezett,\u00a0tudom\u00e1nyos fokozattal rendelkez\u0151 fideszes k\u00e9pvisel\u0151k. Egyik\u00fck azt mondta, Schmitt vil\u00e1g \u00e9let\u00e9ben a sportszer\u0171s\u00e9g\u00e9r\u0151l volt h\u00edres.<br \/><br \/><\/p>","type":"rich"}