{"version":"1.0","provider_name":"Virtu\u00e1lis Notesz. Balla D. K\u00e1roj jegyzetei","provider_url":"https:\/\/noteszgep.cafeblog.hu","author_name":"Balla D. K\u00e1roj","author_url":"https:\/\/noteszgep.cafeblog.hu\/author\/ungpartygmail-com\/","title":"A turul s\u00falya alatt","html":"<div style=\"clear: both;text-align: center\"><a style=\"clear: right;float: right;margin-bottom: 1em;margin-left: 1em\" href=\"http:\/\/4.bp.blogspot.com\/-h08cSeKxuAk\/UHKf4eIATMI\/AAAAAAAABVc\/WNZ1MGWCksw\/s1600\/turul.jpg\"><img src=\"https:\/\/noteszgep.cafeblog.hu\/files\/2012\/10\/turul-1.jpg\" width=\"320\" height=\"152\" border=\"0\" \/><\/a><\/div>\r\n<h2>Egy poszt \u00e9s ut\u00f3rezg\u00e9sei<\/h2>\r\n<p>A dolog azzal kezd\u0151d\u00f6tt, hogy Orb\u00e1n Viktor a magyars\u00e1got v\u00e9rs\u00e9gi alapon megk\u00f6zel\u00edt\u0151 \u00e9s k\u00e9tf\u00e9le magyar sz\u00edvet eml\u00edt\u0151 besz\u00e9d keret\u00e9ben avatta fel Matl P\u00e9ter Turul-szobr\u00e1t \u00d3pusztaszeren. A teljes besz\u00e9d \u00e9s p\u00e1r adal\u00e9k itt tal\u00e1lhat\u00f3: <a href=\"http:\/\/szabad-europa.blogspot.com\/2012\/10\/orban-viktor-pusztaszeri-beszede-turul.html\" target=\"_blank\" rel=\"noopener\">Orb\u00e1n Viktor Turul-avat\u00f3 besz\u00e9de \u00d3pusztaszeren.<\/a><br \/>P\u00e1r nap m\u00falva erre az eg\u00e9sz turul-\u0151r\u00fcletre \u00e9s a kirekeszt\u0151 besz\u00e9dre \u00e9n az al\u00e1bbi poszttal reag\u00e1ltam. K\u00e9s\u0151bb egy friss\u00edt\u00e9st is al\u00e1 t\u0171ztem, l\u00e9v\u00e9n kis sz\u00f6sszenetem reakci\u00f3t v\u00e1ltott ki a Facebookon (ahov\u00e1 a linket bet\u0171ztem).<br \/>.<\/p>\r\n<h3><a href=\"http:\/\/ungparty.net\/blog\/2012\/10\/03\/falloszomra-turul-szallott\/\" rel=\"bookmark\">Falloszomra turul sz\u00e1llott<\/a><\/h3>\r\n<div style=\"text-align: justify\">\r\n<div style=\"clear: left;float: left;margin-bottom: 1em;margin-right: 1em\"><a style=\"clear: left;float: left;margin-bottom: 1em;margin-right: 1em\" href=\"https:\/\/noteszgep.cafeblog.hu\/files\/2012\/10\/turul-fallosz-1.jpg\"><img class=\"wp-image-7689 alignleft\" style=\"cursor: move;margin-top: 6px\" title=\"turul-fallosz\" src=\"https:\/\/noteszgep.cafeblog.hu\/files\/2012\/10\/turul-fallosz-1.jpg\" alt=\"\" width=\"147\" height=\"182\" border=\"0\" \/><\/a>A <a href=\"http:\/\/pirez.blog.hu\/2011\/09\/22\/a_tiz_torzs_neveben\" target=\"_blank\" rel=\"noopener\">pir\u00e9z \u0151snemzet<\/a> \u00e9s az <a href=\"https:\/\/sites.google.com\/site\/ungparty\/csarnok\/az-egyek-csoport\" target=\"_blank\" rel=\"noopener\">Egyek alkot\u00f3csoport<\/a> abb\u00e9li m\u00e9lys\u00e9ges f\u00e1jdalm\u00e1ban, hogy nem volt szerencs\u00e9je teljes m\u00e9rt\u00e9kben belesz\u00fcletni a v\u00e9rhez tartoz\u00f3 turulba, ez\u00faton t\u00f6rleszteni igyekszik e t\u00e9ren elk\u00f6vetett s\u00falyos mulaszt\u00e1s\u00e1t \u00e9s \u00fcnnep\u00e9lyesen meghirdeti a \u201eFalloszomra turul sz\u00e1llott\u201d c\u00edm\u0171 k\u00f6lt\u0151i p\u00e1ly\u00e1zatot. A p\u00e1lyam\u0171veknek, mik\u00f6zben szigor\u00faan k\u00f6vetik az \u0151sk\u00e9p v\u00e9rvonal\u00e1t, ki kell t\u00e9rni\u00fck a nemzeti akolba v\u00e9gre egys\u00e9gesen beterelt juhokra \u00e9s a magyar politik\u00e1ban \u00e9l\u0151 k\u00e9tf\u00e9le sz\u00edvre \u2013 ek\u00f6zben nem k\u00e9ts\u00e9ges, hogy melyikkel k\u00f6telez\u0151 egy\u00fctt dobbanniuk -, tov\u00e1bb\u00e1 plasztikusan kell \u00e1br\u00e1zolniuk a Vil\u00e1gnemzeti \u00d6sszetartoz\u00e1s jegy\u00e9ben kiszor\u00edtottak s\u00e1rk\u00e1ny-s\u00e1t\u00e1n mivolt\u00e1t.<\/div>\r\n<\/div>\r\n<div style=\"text-align: justify\">A p\u00e1lyad\u00edjas m\u0171 vit\u00e9zk\u00f6t\u00e9ssel ker\u00fcl meg\u00f6r\u00f6k\u00edt\u00e9sre a K\u00e1rp\u00e1t-medence valamennyi kutyafasz\u00e1n.<\/div>\r\n<hr size=\"1\" \/>\r\n<h6 style=\"text-align: justify\">Aki nem tudn\u00e1: Orb\u00e1n Viktor (aki egy\u00e9bk\u00e9nt Litv\u00e1ni\u00e1ban mag\u00e1t m\u00e1r A Magyarok Vezet\u0151j\u00e9nek nevezte) \u00d3pusztaszeren a magyars\u00e1got v\u00e9rs\u00e9gi alapon k\u00f6zel\u00edtette meg: \u201eA turul \u0151sk\u00e9p <b>a magyarok \u0151sk\u00e9pe<\/b>. Belesz\u00fclet\u00fcnk, ak\u00e1r csak a nyelv\u00fcnkbe \u00e9s a t\u00f6rt\u00e9nelm\u00fcnkbe. <b>Az \u0151sk\u00e9p a v\u00e9rhez <\/b>\u00e9s a sz\u00fcl\u0151f\u00f6ldh\u00f6z<b> tartozik<\/b>.\u201d A teljes sz\u00f6veg: <a title=\"Orb\u00e1n Viktor pusztaszeri besz\u00e9de\" href=\"http:\/\/szabad-europa.blogspot.com\/2012\/10\/orban-viktor-pusztaszeri-beszede-turul.html\" target=\"_blank\" rel=\"noopener\">Orb\u00e1n besz\u00e9de \u00d3pusztaszeren<\/a><\/h6>\r\n<hr size=\"1\" \/>\r\n<p><b>Friss\u00edt\u00e9s.<\/b> A bejegyz\u00e9snek lett n\u00e9mi visszhangja a Facebookon. Egy \u00fczenetv\u00e1lt\u00e1st \u2013 mert tal\u00e1n tanuls\u00e1gos \u2013 idem\u00e1solok.<\/p>\r\n<div>\r\n<div>\r\n<div>\r\n<div>\r\n<div>\r\n<div>\r\n<div>Popovics P\u00e1l Kedves Karcsi! Nagyon sajn\u00e1lom, hogy manaps\u00e1g neked m\u00e1r csak ennyire, ilyesmire futja. A fenti rajong\u00f3idat nem ismerem, de bejegyz\u00e9seiket olvasva az \u0151 szintj\u00fckh\u00f6z szeretn\u00e9l igazodni. Enn\u00e9l az\u00e9rt sokkal t\u00f6bbre tartalak, t\u00f6bbed magammal.<\/div>\r\n<\/div>\r\n<\/div>\r\n<\/div>\r\n<\/div>\r\n<\/div>\r\n<\/div>\r\n<div><br \/>\r\n<div>\r\n<div>\r\n<div>\r\n<div>\r\n<div>\r\n<div>Balla D. K\u00e1roly Kedves Pali, \u00e9n pedig azt sajn\u00e1lom (de azt nagyon!), hogy Magyarorsz\u00e1g (kor\u00e1bban t\u00f6bbre tartott) minisztereln\u00f6ke v\u00e9rs\u00e9gi alapon \u00e9s k\u00e9tf\u00e9le sz\u00edv alapj\u00e1n rekeszti ki a magyars\u00e1gb\u00f3l azokat (p\u00e9ld\u00e1ul engem), akik nem a hamis m\u00faltba r\u00e9ved\u00e9s \u00e9s nem b\u0171n\u00f6s ideol\u00f3gi\u00e1kkal \u00f6sszeolvadt szimb\u00f3lumok ment\u00e9n alak\u00edtott\u00e1k ki nemzettudatukat, hanem egy modern, integr\u00e1l\u00f3 jelleg\u0171, demokratikus eszm\u00e9nnyel \u00f6sszhangban gyakorolj\u00e1k magyars\u00e1gukat. A magyar sz\u00e9ls\u0151jobboldal faji alap\u00fa ideol\u00f3gi\u00e1j\u00e1t, szimbolik\u00e1j\u00e1t \u00e9s retorik\u00e1j\u00e1t most m\u00e1r egyre ink\u00e1bb \u00e1tvev\u0151 korm\u00e1nyf\u0151vel szemben \u00e9nszerintem MINDEN ESZK\u00d6Z megengedhet\u0151. Az \u00e9n arzen\u00e1lomban csak szavak tal\u00e1lhat\u00f3k, az ir\u00f3nia, a humor \u00e9s a g\u00fany a leger\u0151sebb fegyverem. Messzemen\u0151en felhatalmazva \u00e9rzem magam, hogy ezeket felhaszn\u00e1ljam az olyan megnyilv\u00e1nul\u00e1sok ellen, amelyekkel olyasmit propag\u00e1lnak, sugallnak, amivel nemcsak hogy nem \u00e9rtek egyet, hanem meg is vetek. Hogy mindez most r\u00e1ad\u00e1sul born\u00edrt k\u00f6nt\u00f6sben jelent meg, az minden komoly ellen\u00e9rz\u00e9s mellett nevets\u00e9get is kelt. Igen, \u00e9n \u00e9s a hozz\u00e1m hasonl\u00f3an gondolkod\u00f3 sokkal jobb kopony\u00e1k \u00e9s nagyobb emberek is tiszta sz\u00edv\u00fckb\u0151l KIR\u00d6H\u00d6GIK Orb\u00e1n Viktort \u00e9s az \u00f6 hagym\u00e1zas sz\u00f6vegeit \u2013 mik\u00f6zben ez k\u00e9ts\u00e9g k\u00edv\u00fcl k\u00ednban fogant r\u00f6h\u00f6g\u00e9s \u2013 mert a dolog, mik\u00f6zben kacagtat\u00f3, legal\u00e1bb annyira elkeser\u00edt\u0151 \u00e9s f\u00e9lelmetes. \u00c9s nem csup\u00e1n, tal\u00e1n nem is els\u0151sorban az\u00e9rt, mert minket, a magyars\u00e1gr\u00f3l m\u00e1sk\u00e9nt gondolkod\u00f3kat rekeszt ki, hanem az\u00e9rt \u2013 \u00e9s olyan j\u00f3 lenne, ha ezt a m\u00e1sik oldalon a j\u00f3zanul gondolkod\u00f3k meg\u00e9rten\u00e9k! -, mert MAG\u00c1NAK A MAGYARS\u00c1GNAK \u00c1RT, mert lej\u00e1ratja, nevets\u00e9gess\u00e9 teszi, ordas eszm\u00e9kkel t\u00e1rs\u00edtja a magyars\u00e1g egy\u00e9bk\u00e9nt sz\u00e1momra igen becses \u2013 \u00e9s szerintem az itt megsz\u00f3lal\u00f3k sz\u00e1m\u00e1ra is! -, igen nemes \u00e9rz\u00e9s\u00e9t. D\u00fch\u00fcnk, g\u00fanyunk, ha kell, alp\u00e1ribb elemeket is alkalmaz\u00f3 humorunk az\u00e9rt hordoz indulatot, mert sajnos tudom\u00e1sul kell venn\u00fcnk, hogy Orb\u00e1n Viktor magyar. Ez benne a f\u00e1j\u00f3. \u00c9s mert t\u0151l\u00fcnk t\u00e1vol \u00e1ll, hogy \u0151t a nemzetre n\u00e9zve k\u00e1ros gondolkod\u00e1sa miatt kirekessz\u00fck a magyars\u00e1gb\u00f3l, ink\u00e1bb mi l\u00e9p\u00fcnk h\u00e1tra \u00e9s legrosszabb perceinkban azt gondoljuk: ha \u0151 a magyar, ha \u0151k a magyarok, akkor mi ink\u00e1bb nem akarunk azok lenni. \/\/ Ezt gondold v\u00e9gig egyszer, kedves Pali.<br \/><br \/>-------<br \/><br \/>Eddig az ut\u00f3lagos friss\u00edt\u00e9ssel kieg\u00e9sz\u00edtett blog-bejegyz\u00e1s. Mivel reag\u00e1l\u00e1st a fenti v\u00e1laszra nem kaptam, p\u00e1r nap m\u00falva megl\u00e1togattam PP Facebook-profilj\u00e1t \u00e9s kiss\u00e9 elh\u0171lve tapasztaltam, hogy tele van turullal. Bele\u00e9rtve a fejl\u00e9cet is (kicsiny\u00edtett r\u00e9szlet\u00e9t l\u00e1sd legfel\u00fcl). Els\u0151 gondolatom az volt, hogy PP-t azonnal t\u00f6rl\u00f6m ismer\u0151seim k\u00f6z\u00fcl, de azt\u00e1n arra gondoltam: el\u0151tte csak r\u00e1k\u00e9rdezek, komolyan gondolja-e. R\u00e1k\u00e9rdeztem. A v\u00e1laszra \u00fajra v\u00e1rni kellett k\u00e9t napot, de azt\u00e1n beindult az \u00fczenetv\u00e1lt\u00e1s, l\u00e9v\u00e9n egy kor\u00e1bbi, sokat kellemetlenked\u0151 \"kuncsaftom\" is bekapcsol\u00f3dott. \u00a0<\/div>\r\n<\/div>\r\n<\/div>\r\n<\/div>\r\n<\/div>\r\n<\/div>\r\n<\/div>\r\n<p><br \/><br \/>\u00cdme:<\/p>\r\n<h5>Kedves Pali, ide \"t\u00e9vedve\" meglehet\u0151s r\u00e9m\u00fclettel l\u00e1tom profiloldaladon a turulszaporulatot - ellenben a posztomhoz \u00edrt bejegyz\u00e9sedre adott v\u00e1laszomra nem reag\u00e1lt\u00e1l. Szeretn\u00e9m tudni, hogy val\u00f3ban h\u00edv\u00e9\u00fcl szeg\u0151dt\u00e9l-e a turullal nagyon j\u00f3l szimboliz\u00e1lhat\u00f3 sz\u00e9ls\u0151jobb ideol\u00f3gi\u00e1j\u00e1nak, mert ha igen - \u00e9s a jelek sajnos erre utalnak - akkor ki foglak z\u00e1rni ismer\u0151seim sor\u00e1b\u00f3l. Sz\u00edves figyelmedbe aj\u00e1nlok k\u00e9t mai cikket.<\/h5>\r\n<ul>\r\n<li>\r\n<div>\r\n<div>\u00a0<\/div>\r\n<div>\r\n<div>\r\n<div>\r\n<div>\r\n<div>Popovics P\u00e1l Kedves Karcsi! Lehet, hogy bennem van a hiba, de nekem nem \u00e1ll \u00f6ssze az, hogy te hogyan jutsz el egy, az oldalamon l\u00e1that\u00f3 turulmadaras szobort\u00f3l a fenti felt\u00e9telez\u00e9sekig. Lehet, hogy sz\u00e1modra kap\u00e1sb\u00f3l csak ilyenek jutnak az eszedbe, de ez m\u00e1r legyen a te probl\u00e9m\u00e1d, de tiszteletben tartom. N\u00e1lam ez m\u00e1sk\u00e9pp van, \u00e9s m\u00e1st is jelent. Ezt meg neked kell tiszteletben tartanod. Sz\u00fcleimt\u0151l szerencs\u00e9re olyan neveltet\u00e9st kaptam, mely mentes volt mindenf\u00e9le sz\u00e9ls\u0151s\u00e9ges ideol\u00f3gi\u00e1kt\u00f3l. Tagjai sem voltak semmilyen p\u00e1rtnak, az el\u0151z\u0151 rendszert sem szolg\u00e1lt\u00e1k ki. \u00c9n is igyekszem \u00edgy nevelni gyermekeimet, rem\u00e9lem, siker\u00fcl.<br id=\".reactRoot[3].[1][2][1]{comment285817181528337_1348164}..[1]..[1]..[0].[2]..[3]..[1]\" \/>Sz\u00e1momra m\u00e1r az is sz\u00e9ls\u0151s\u00e9ges, ahogyan mostan\u00e1ban fogalmazol, de ett\u0151l m\u00e9g nem akarom a n\u00e9zeteidet megv\u00e1ltoztatni, ezekkel a gondolataiddal neked kell egy\u00fctt \u00e9lned. Nem tudom, hogy ez mennyire lesz jav\u00e1ra lelkivil\u00e1godnak, mennyire teszi szebb\u00e9 \u00e9letedet, de ezzel sem nekem kell foglalkoznom.<br id=\".reactRoot[3].[1][2][1]{comment285817181528337_1348164}..[1]..[1]..[0].[2]..[3]..[3]\" \/>Ami a fenti cikket illeti: annak a szerz\u0151j\u00e9nek is van egy v\u00e9lem\u00e9nye, amit megoszt m\u00e1sokkal, ezzel sincs semmi probl\u00e9m\u00e1m. Max. nem olvasom el. De nem zavar, ha le\u00edrja a gondolatait. Mondjuk a N\u00e9pszava nem \u00e9pp a kedvenc lapom. A Barik\u00e1d sem. Az \u00e9n \u00e9rt\u00e9krendemt\u0151l mindkett\u0151 messzebb \u00e1ll, f\u0151leg a N\u00e9pszava. Nekem ideol\u00f3giailag sz\u00e9ls\u0151s\u00e9ges. De engem nem zavar, ha te kedveled.<br id=\".reactRoot[3].[1][2][1]{comment285817181528337_1348164}..[1]..[1]..[0].[2]..[3]..[5]\" \/>Kor\u00e1bbi leveledre az\u00e9rt nem v\u00e1laszoltam, mert nem l\u00e1tom sz\u00fcks\u00e9gess\u00e9g\u00e9t. R\u00e9szemr\u0151l lez\u00e1rt az a p\u00e1rbesz\u00e9d. \u00c9n is le\u00edrtam a v\u00e9lem\u00e9nyem, te is. Nem hiszem, hogy egy \u00fajabb v\u00e1lasszal b\u00e1rmelyik\u00fcnk is meg tudn\u00e1 v\u00e1ltoztatni a m\u00e1sik v\u00e9lem\u00e9ny\u00e9t. De mi\u00e9rt is kellene? <br id=\".reactRoot[3].[1][2][1]{comment285817181528337_1348164}..[1]..[1]..[0].[2]..[3]..[7]\" \/>Azt \u00edrod, hogy \"egy modern, integr\u00e1l\u00f3 jelleg\u0171, demokratikus eszm\u00e9nnyel \u00f6sszhangban\" gyakorlod magyars\u00e1godat. Most pedig jelzed, hogy ki fogsz z\u00e1rni ismer\u0151seid k\u00f6z\u00fcl. Modern\u00fcl, demokratikusan \u00e9s integr\u00e1lva. H\u00e1t ezt is tiszteletben tartom, a te d\u00f6nt\u00e9sed. \u00dcdv!<\/div>\r\n<\/div>\r\n<\/div>\r\n<\/div>\r\n<\/div>\r\n<\/div>\r\n<\/li>\r\n<li>\r\n<div>\r\n<div>\u00a0<\/div>\r\n<div>\r\n<div>\r\n<div>\r\n<div>\r\n<div>Palk\u00f3 Istv\u00e1n Ha nem baj, megosztom...<br \/><br \/><br \/><\/div>\r\n<\/div>\r\n<\/div>\r\n<\/div>\r\n<\/div>\r\n<\/div>\r\n<\/li>\r\n<li>\r\n<div>\r\n<div>\u00a0<\/div>\r\n<div>\r\n<div>\r\n<div>\r\n<div>\r\n<div>Balla D. K\u00e1roly Kedves Pali, az engem megnyugtat, ha ilyen hat\u00e1rozottan ki tudod jelenteni, hogy a turul-szimbolika ir\u00e1nti (l\u00e1that\u00f3an igen er\u0151s \u00e9s demonstrat\u00edv) vonz\u00f3d\u00e1sod NEM P\u00c1ROSUL azzal, amit a turul szimboliz\u00e1l. Valamivel azonban m\u00e9gis tiszt\u00e1ban kell lenned: most, amikor a magyar k\u00f6zbesz\u00e9dben egyre ink\u00e1bb elhatalmasodni l\u00e1tszik az antiszemitizmus (m\u00e1s kirekeszt\u0151 n\u00e9zetekr\u0151l, homof\u00f3bi\u00e1r\u00f3l, cig\u00e1nyelleness\u00e9gr\u0151l stb. most ne ess\u00e9k sz\u00f3) \u00e9s amikor ez olykor m\u00e1r er\u0151szakos cselekedetekhez is vezet, \u00e9s most, amikor a magyars\u00e1got trag\u00e9di\u00e1ba sodr\u00f3 Horthy-korszak restaur\u00e1ci\u00f3ja folyik, akkor - a te esetleges j\u00f3 sz\u00e1nd\u00e9kod ellen\u00e9re - a turul igen sokak sz\u00e1m\u00e1ra nem a mitikus madarat, hanem a hozz\u00e1 tapadt ideol\u00f3gi\u00e1t szimboliz\u00e1lja, \u00edgy ha te ezt a szimb\u00f3lumot ennyire l\u00e1tv\u00e1nyosan felv\u00e1llalod \u00e9s ha a felavat\u00e1sakor elhangzott, a magyars\u00e1got v\u00e9rs\u00e9gi alapon megk\u00f6zel\u00edt\u0151 minisztereln\u00f6ki besz\u00e9det magad\u00e9nak vallod, akkor esetleges bels\u0151 sz\u00e1nd\u00e9kod ellen\u00e9re m\u00e9gis azonosulni l\u00e1tszol a sz\u00e9ls\u0151s\u00e9ges ideol\u00f3gi\u00e1val. Tov\u00e1bb\u00e1 azzal is tiszt\u00e1ban kell(ene) lenned, hogy mindazok, akik a turult, \u00e1rp\u00e1d-s\u00e1vot, Wass Albertet, Ny\u00edr\u0151t, Horthyt most \"nyomatj\u00e1k\", azok \u00e9ppen hogy nem a magyar mitol\u00f3gi\u00e1t, nem az \u00e1rp\u00e1di \u00f6r\u00f6ks\u00e9get, nem az irodalmi \u00e9rt\u00e9ket \u00e9s nem egy fontos t\u00f6rt\u00e9nelmi szem\u00e9lyis\u00e9get \u00e1ll\u00edtanak el\u00e9nk, hanem mindezek a szimb\u00f3lumok \u00e9s szem\u00e9lyek \u00e9ppen \u00e9s kifejezetten egy bizonyos kirekeszt\u0151, antiszemita ideol\u00f3gi\u00e1nak az attrib\u00fatumaik\u00e9nt ker\u00fcltek el\u0151t\u00e9rbe. A turulr\u00f3l nagyon keveseknek jut ma esz\u00e9be az, hogy ez a mad\u00e1r term\u00e9keny\u00edtette meg Emes\u00e9t, nem, eg\u00e9szen m\u00e1s jut az esz\u00fckbe, \u00e9s egyik oldalon pontosan ez\u00e9rt tartj\u00e1k fontosnak demonstrat\u00edv felmutat\u00e1s\u00e1t, m\u00edg a m\u00e1sik oldalon ez\u00e9rt kap elutas\u00edt\u00e1st. Wass, Ny\u00edr\u0151 nem irodalmi kvalit\u00e1sai, hanem zsid\u00f3elleness\u00e9ge miatt v\u00e1lt fontoss\u00e1, Horthy nem \u00e1llamf\u00e9rfi\u00fai nagys\u00e1ga, hanem az \u00e1ltala f\u00e9mjelzett \u00e9ra zsid\u00f3\u00fcld\u00f6z\u00e9sei miatt v\u00e1lik alkalmass\u00e1 arra, hogy a m\u00e9rs\u00e9keltebb jobboldalt is beleh\u00fazza a Jobbik retorik\u00e1j\u00e1ba.<\/div>\r\n<\/div>\r\n<\/div>\r\n<\/div>\r\n<\/div>\r\n<\/div>\r\n<\/li>\r\n<li>\r\n<div>\r\n<div>\u00a0<\/div>\r\n<div>\r\n<div>\r\n<div>\r\n<div>\r\n<div>Balla D. K\u00e1roly Vagyis: ha te nem vallasz sz\u00e9ls\u0151s\u00e9ges n\u00e9zeteket, nem vagy antiszemita, nem gondolod, hogy a magyars\u00e1g v\u00e9r k\u00e9rd\u00e9se stb., \u00e9s mindezt ki tudod jelenteni, az \u00f6rvendetes, de tudnod kell, hogy a profilod l\u00e1tt\u00e1n ennek \u00e9pp az ellenkez\u0151je \"j\u00f6n le\". \/\/ Igen, \u00e9n integr\u00e1l\u00f3 \u00e9s modern felfog\u00e1sban igyekszem gyakorolni a magyars\u00e1gomat, de ez nem jelenti azt, hogy a sz\u00e9ls\u0151s\u00e9ges - \u00e9s szerintem a magyars\u00e1gnak \u00e1rt\u00f3 - n\u00e9zeteket toler\u00e1ln\u00e1m. Hogy mi a k\u00fcl\u00f6nbs\u00e9g a v\u00e9rs\u00e9gi alap\u00fa kirekeszt\u00e9s \u00e9s a sz\u00e9ls\u0151s\u00e9gek vil\u00e1gn\u00e9zeti alap\u00fa elutas\u00edt\u00e1sa k\u00f6z\u00f6tt, azt bizonyosan pontosan tudod \u00e9rz\u00e9kelni. \/\/ Igen, a Jobbikosokkal fot\u00f3zkod\u00f3, n\u00e9zeteiket n\u00e9pszer\u0171s\u00edt\u0151, rasszista, antiszemita, homof\u00f3b, xenof\u00f3b k\u00e9peket \u00e9s propagandasz\u00f6vegeket megoszt\u00f3 ismer\u0151seimet sorra t\u00f6rl\u00f6m. De el\u0151tte gyakran megk\u00e9rdezem: val\u00f3ban azonosulnak-e azzal, amit n\u00e9pszer\u0171s\u00edtenek. Ez\u00e9rt k\u00e9rdeztem meg t\u0151led is, hogy mik\u00f6zben ezt a turulkultuszt felv\u00e1llalod, tiszt\u00e1ban vagy-e azzal, hogy a liber\u00e1lis n\u00e9zet\u0171ek szem\u00e9ben ezzel egy faj\u00fcld\u00f6z\u0151 ideol\u00f3gi\u00e1val l\u00e1tszol azonosulni. Ha elhat\u00e1rolod magad mindatt\u00f3l, ami a turulhoz egy nagyon v\u00e9szterhes t\u00f6rt\u00e9nelmi korszakban hozz\u00e1tapadt, akkor ezt a fejl\u00e9cet egyszer\u0171en csak nem tartom szerencs\u00e9s v\u00e1laszt\u00e1snak. De ha ezzel p\u00e9ld\u00e1ul \u00e9nellenemben \u00e9s a minisztereln\u00f6ki besz\u00e9dben a \"k\u00e9tf\u00e9le sz\u00edv\" retorik\u00e1j\u00e1val jelzett \u00e9rtelemben k\u00edv\u00e1nsz demonstr\u00e1lni valami v\u00e9rmagyars\u00e1got, az engem k\u00e9nytelenn\u00e9 tesz bizonyos k\u00f6vetkeztet\u00e9sek levon\u00e1s\u00e1ra. \/\/ Tov\u00e1bbra is csak azt k\u00e9rem: gondold v\u00e9gig a v\u00e9giggondoland\u00f3kat. \u00dcdv.<\/div>\r\n<\/div>\r\n<\/div>\r\n<\/div>\r\n<\/div>\r\n<\/div>\r\n<\/li>\r\n<li>\r\n<div>\r\n<div>\u00a0<\/div>\r\n<div>\r\n<div>\r\n<div>\r\n<div>\r\n<div>Palk\u00f3 Istv\u00e1n Pali! Hogy ment\u00e9l direkt BDK ellen\u00e9ben fejl\u00e9cet v\u00e1lasztani!?? Figyelj, ez nem vicc!! Ki leszel t\u00f6r\u00f6lve! S\u0151t!! Csupa kisbet\u0171vel \u00edrj\u00e1k majd a neved!<br \/><br \/><\/div>\r\n<\/div>\r\n<\/div>\r\n<\/div>\r\n<\/div>\r\n<\/div>\r\n<\/li>\r\n<li>\r\n<div>\r\n<div>\u00a0<\/div>\r\n<div>\r\n<div>\r\n<div>\r\n<div>\r\n<div>Or\u00e9mus K\u00e1lm\u00e1n Ez egyre jobb!<br \/><br \/><br \/><\/div>\r\n<\/div>\r\n<\/div>\r\n<\/div>\r\n<\/div>\r\n<\/div>\r\n<\/li>\r\n<li>\r\n<div>\r\n<div>\u00a0<\/div>\r\n<div>\r\n<div>\r\n<div>\r\n<div>\r\n<div>Balla D. K\u00e1roly Istv\u00e1n, K\u00e1lm\u00e1n - hasonl\u00f3 okokb\u00f3l ti m\u00e1r nem tartoztok az ismer\u0151seim k\u00f6z\u00e9. Esetetekben p\u00e9ld\u00e1ul a cig\u00e1nyelleness\u00e9g nem volt k\u00e9ts\u00e9ges. Palival pedig szeretn\u00e9k tiszt\u00e1ba j\u00f6nni, mert m\u00e9g nem tudok d\u00f6nteni. \u00c9s mert az hiszem, tal\u00e1n neki is tiszt\u00e1znia kell mag\u00e1ban ezt-azt.<\/div>\r\n<\/div>\r\n<\/div>\r\n<\/div>\r\n<\/div>\r\n<\/div>\r\n<\/li>\r\n<li>\r\n<div>\r\n<div>\u00a0<\/div>\r\n<div>\r\n<div>\r\n<div>\r\n<div>\r\n<div>Palk\u00f3 Istv\u00e1n Biztosan csakis miattad fog tiszt\u00e1ba j\u00f6nni, mert arra sz\u00f3l\u00edtottad fel.<br \/><br \/><\/div>\r\n<\/div>\r\n<\/div>\r\n<\/div>\r\n<\/div>\r\n<\/div>\r\n<\/li>\r\n<li>\r\n<div>\r\n<div>\u00a0<\/div>\r\n<div>\r\n<div>\r\n<div>\r\n<div>\r\n<div>Balla D. K\u00e1roly Sok olyasmi ad\u00f3dott az \u00e9letemben, amit csak akkor gondoltam v\u00e9gig, amikor az eny\u00e9mmel homlokegyenest ellent\u00e9tes n\u00e9zetekkel tal\u00e1lkoztam. P\u00e9ld\u00e1ul purista nyelvm\u0171vel\u0151 voltam mindaddig am\u00edg a korszer\u0171 szociolingvisztikai felfog\u00e1s alapelveivel nem szembes\u00edtett Cs. I. \u00c9vekbe telt, de ma eg\u00e9szen m\u00e1sk\u00e9ppen gondolkodom a nyelvet, nyelvhelyess\u00e9get, nyelvhaszn\u00e1latot illet\u0151en. Bizony el\u0151fordulhat, hogy az ember m\u00f3dos\u00edt, finom\u00edt a n\u00e9zetein, mert bel\u00e1tja a m\u00e1sfajta n\u00e9z\u0151pont \u00e9rv\u00e9nyess\u00e9g\u00e9t.<\/div>\r\n<\/div>\r\n<\/div>\r\n<\/div>\r\n<\/div>\r\n<\/div>\r\n<\/li>\r\n<li>\r\n<div>\r\n<div>\u00a0<\/div>\r\n<div>\r\n<div>\r\n<div>\r\n<div>\r\n<div>Palk\u00f3 Istv\u00e1n Te, mint a m\u00e1ss\u00e1g \u00e9s tolerancia odaad\u00f3 harcosa, mi\u00e9rt nem fogadod el m\u00e1sok nemzeti \u00e9rzelmeit, v\u00e9lem\u00e9ny\u00e9t?<\/div>\r\n<div><abbr title=\"2012. okt\u00f3ber 8., 11:56\"><\/abbr><br \/><abbr title=\"2012. okt\u00f3ber 8., 11:56\"><\/abbr><\/div>\r\n<\/div>\r\n<\/div>\r\n<\/div>\r\n<\/div>\r\n<\/div>\r\n<\/li>\r\n<li>\r\n<div>\r\n<div>\u00a0<\/div>\r\n<div>\r\n<div>\r\n<div>\r\n<div>\r\n<div>Balla D. K\u00e1roly S\u0151t, a nemzettudatom is el\u00e9g sokat m\u00f3dosult az \u00e9vtizedek sor\u00e1n. Kamasz koromban szinte k\u00f6z\u00f6mb\u00f6s voltam magyars\u00e1gom ir\u00e1nt, p\u00e9ld\u00e1ul az\u00e9rt akartam fizikus lenni, hogy ne kelljen a nemzetis\u00e9gemmel, az anyanyelvvel foglalkoznom. Azt\u00e1n lend\u00fclt az inga, verselni kezdtem, megismerkedtem a magyars\u00e1g \u00fcgy\u00e9ben elk\u00f6telezett \u00edr\u00f3t\u00e1rsaimmal, fontos bar\u00e1ts\u00e1gok \u00e9s szerelmek k\u00f6ttettek - \u00e9s er\u0151s, de kiss\u00e9 merev \u00e9s sz\u0171k t\u00e9rben mozg\u00f3 nemzettudatom alakult ki. Valamilyen szinten \"harcos\" elk\u00f6telezetts\u00e9g\u0171 magyars\u00e1ggyakorl\u00f3 lettem. \u00c9s megint \u00e9vek teltek el, am\u00edg r\u00e1\u00e9bredtem a \u201enemzeti hev\u00fclet\u201d buktat\u00f3ira. \u00c9s bizonyosan ebben is szerepe volt \u00faj ismerets\u00e9geknek, kapcsolatoknak, annak a szeml\u00e9lett\u00e1gul\u00e1snak, amire a 90-es \u00e9vekben m\u00e1r m\u00f3d ny\u00edlt. Magyarorsz\u00e1gi \u00e9s nyugati \u00edr\u00f3k sokas\u00e1g\u00e1val ker\u00fcltem kapcsolatba, bizonyosan hatott r\u00e1m az \u0151 ny\u00edlt, szabad, liber\u00e1lis magyars\u00e1gfelfog\u00e1suk. A saj\u00e1tom alakul\u00e1s\u00e1ban pedig tal\u00e1n enn\u00e9l is nagyobb szerepe volt a negat\u00edv tapasztalatoknak: l\u00e1thattam, hogyan t\u00e1rsul az eg\u00e9szs\u00e9gesnek gondolt nemzettudat s\u00e9relmi magatart\u00e1ssal, term\u00e9ketlen m\u00faltba fordul\u00e1ssal, indokolatlan kult\u00farf\u00f6l\u00e9nnyel, \u00f6sszeesk\u00fcv\u00e9s elm\u00e9lettel, rossz \u00e9rtelemben vett nacionalizmussal. Sok ilyesmit tapasztaltam bar\u00e1ti k\u00f6r\u00f6mben, de csal\u00e1domban is. Ez egyre ink\u00e1bb elt\u00e1vol\u00edtott az olyanfajta nemzeti \u00e9rz\u00e9st\u0151l, amelyet kor\u00e1bban teljesen magam\u00e9nak tudtam. Mind t\u00f6bbsz\u00f6r \u00e9s egyre gyakrabban kezdtem kritikusan viszonyulni ahhoz a (szerintem n\u00e9mileg torz \u00e9s besz\u0171k\u00fclt) eszmerendszerhez, amely szinte sz\u00fcks\u00e9gszer\u0171en kitermeli a fent is eml\u00edtett negat\u00edv vonatkoz\u00e1sokat. A folyamatot n\u00e9mileg felgyors\u00edtotta t\u00e1rsaim teljes \u00e9rtetlens\u00e9ge, nem tudt\u00e1k meg\u00e9rteni, hogyan t\u00e1volodtam el att\u00f3l, ami a 80-as \u00e9vek v\u00e9g\u00e9n \u00e9s a rendszerv\u00e1lt\u00e1s \u00e9veiben k\u00f6zel hozott minket egym\u00e1shoz. \u00c9rtetlens\u00e9g\u00fckben ellens\u00e9g\u00fcknek kezdtek tekinteni, nem tudt\u00e1k t\u0151lem elfogadni, hogy m\u00e1st gondolok irodalomr\u00f3l, magyars\u00e1gr\u00f3l, nyelvv\u00e9delemr\u0151l, identit\u00e1spall\u00e9roz\u00e1sr\u00f3l, t\u00e1j\u00e9lm\u00e9nyr\u0151l, hagyom\u00e1nyr\u00f3l, mint \u0151k. \u00dagy \u00e9reztem, mintha \u0151k sz\u00e1nd\u00e9kosan z\u00e1rk\u00f3zn\u00e1nak be valamif\u00e9le szellemi \u00e9s magatart\u00e1sformai rezerv\u00e1tumba, mintha g\u00f6rcs\u00f6sen k\u00e9pviseln\u00e9nek \u00e9s v\u00e9den\u00e9nek olyasmit, amit szabadabb felfog\u00e1sban sokkal eredm\u00e9nyesebben \u00e9s hat\u00e9konyabban lehet k\u00e9pviselni \u00e9s v\u00e9deni. Nekem, \u00fagy \u00e9rzem, siker\u00fclt \u00f6sszeegyeztetnem a <a href=\"https:\/\/liberall.hu\/a-liberalizmus-kisebbsegi-baja\/\" target=\"_blank\" rel=\"noopener\">nemzeti \u00e9rz\u00e9semet a liber\u00e1lis felfog\u00e1sommal<\/a>, a magyars\u00e1gomat a kozmopolitizmussal. (A \u201enemzeti liber\u00e1lis\u201d fogalma egy\u00e9bk\u00e9nt a t\u00f6rt\u00e9nelemb\u0151l j\u00f3l ismerhet\u0151). Viszont nem siker\u00fclt (mert nem is akartam) a magyars\u00e1gtudatomat \u00f6sszeegyeztetni sem a s\u00e9relmi magatart\u00e1ssal, sem a folytonos harci k\u00e9sz\u00fclts\u00e9ggel, sem a g\u00f6rcs\u00f6s \u00e9s s\u00e9m\u00e1kba mereved\u0151 hagyom\u00e1nyk\u00f6vet\u00e9ssel. Ez v\u00e9g\u00fcl szakad\u00e1shoz, szak\u00edt\u00e1shoz vezetett cirka 10 \u00e9vvel ezel\u0151tt; majd a dolog a k\u00f6lcs\u00f6n\u00f6s tudom\u00e1sul-alig v\u00e9tel szintj\u00e9n lecsengeni l\u00e1tszott. Most \u00fajult ki, amikor sokak magyars\u00e1gtudat\u00e1ban nem csup\u00e1n a fenti (m\u00e9g r\u00e9szemr\u0151l toler\u00e1lhat\u00f3) von\u00e1sokat fedeztem fel, hanem m\u00e1r olyasmit is, amit elfogadni nem tudok. Ilyenek a rasszista, antiszemita, xenof\u00f3b, homof\u00f3b von\u00e1sok, ilyen a faji alap\u00fa magyars\u00e1gfelfog\u00e1s, ilyen az a n\u00e9zet, amely szerint csak egyf\u00e9lek\u00e9ppen lehet magyarnak lenni, aki nem ezen a m\u00f3don magyar, az idegensz\u00edv\u0171, zsid\u00f3, nemzet\u00e1rul\u00f3 (ezt a felfog\u00e1st szimboliz\u00e1lja el\u00e9gg\u00e9 egy\u00e9rtelm\u0171en a turul; f\u0151leg, ha ilyen \u00e9rtelm\u0171 sz\u00f6vegek k\u00eds\u00e9ret\u00e9ben avatj\u00e1k fel). \u00c9n senkit nem tudok \u00e9s nem is akarok megakad\u00e1lyozni abban, hogy ilyen n\u00e9zeteket valljon \u2013 azaz elfogadom, hogy \u0151k ilyenek (elv\u00e9gre ez a liber\u00e1lis minimum). Ism\u00e9tlem: hogy \u0151k ilyenek, azt tudom\u00e1sul veszem, legfeljebb sajn\u00e1lom, mert azt tartom, hogy ez az eszmerendszer mag\u00e1ra a magyars\u00e1gra n\u00e9zve a legk\u00e1rosabb. De A MAGAM SZ\u00c1M\u00c1RA elfogadni nem tudok semmi ilyesmit, ez\u00e9rt k\u00f6z\u00f6ss\u00e9get sem v\u00e1llalhatok azokkal, akik eff\u00e9le n\u00e9zeteket vallanak vagy demonstrat\u00edve szimpatiz\u00e1lnak az ilyeneket vall\u00f3kkal. Ez\u00e9rt z\u00e1rom ki \u0151ket ismer\u0151seim sor\u00e1b\u00f3l. De el\u0151tte \u00e1ltal\u00e1ban r\u00e1k\u00e9rdezek erre-arra. Vit\u00e1t ritk\u00e1n nyitok, itt sem tettem volna, de a dolog azzal kezd\u0151d\u00f6tt, hogy Pali be\u00edrt a posztomhoz \u2013 ha ez nem t\u00f6rt\u00e9nik, val\u00f3sz\u00edn\u0171leg profilj\u00e1t sem n\u00e9zem meg, \u00e9s mivel ezern\u00e9l t\u00f6bb ismer\u0151s\u00f6m van, el\u0151fordulhatott volna, hogy megoszt\u00e1sai soha nem jelennek meg az \u00e9n h\u00edrfalomon (l\u00e9v\u00e9n f\u0151leg azt a 100-120 embert l\u00e1tom legink\u00e1bb, akikkel m\u00e1r ker\u00fcltem valamilyen interakci\u00f3ba \u2013 l\u00e1jk, megoszt\u00e1s, hozz\u00e1sz\u00f3l\u00e1s). Ha \u00fagy ad\u00f3dik, a vit\u00e1nak egy ideig l\u00e1tom az \u00e9rtelm\u00e9t: hiszen el\u0151fordulhat, tudunk egym\u00e1snak megfontol\u00e1sra \u00e9rdemes \u00e9rveket mondani. Ezt \u00e9n itt most ilyen esetnek gondoltam. Az persze el\u0151fordulhat, hogy t\u00e9vedtem.<\/div>\r\n<\/div>\r\n<\/div>\r\n<\/div>\r\n<\/div>\r\n<\/div>\r\n<\/li>\r\n<\/ul>\r\n<p>Most itt tart a turul alatt ny\u00f6gd\u00e9csel\u0151 eszmecser\u00e9nk. Ha ugyan....... (folyt tal\u00e1n k\u00f6v.)<br \/><br \/>Nan\u00e1, hogy megjelent a vit\u00e1ban <a href=\"http:\/\/ungparty.net\/blog\/2011\/01\/02\/szellemi-meregkeveresem\/\" target=\"_blank\" rel=\"noopener\">egy m\u00e1sik csupa nagybet\u0171s magyar<\/a>...<br \/><br \/>V\u00e9gszavam:<\/p>\r\n<ul>\r\n<li>\r\n<div>\r\n<div>\u00a0<\/div>\r\n<div>\r\n<div>\r\n<div>\r\n<div>\r\n<div>Balla D. K\u00e1roly Kedves t\u0151letek ez a figyelem. Csak jelezn\u00e9m, hogy nem \u00e9n j\u00f6ttem Palihoz, a dolog azzal kezd\u0151d\u00f6tt, hogy nemtetsz\u00e9s\u00e9t fejezte ki egy posztom alatt a blogomban. Hosszan v\u00e1laszoltam, meg azt is elmondtam, mi a bajom Orb\u00e1n v\u00e9rs\u00e9gi magyar-felfog\u00e1s\u00e1val meg turullal, de Pali nem vallott sz\u00ednt, azonosul-e a turulhoz tapadt fajv\u00e9d\u0151i ideol\u00f3gi\u00e1val. A turul maradt - \u00e9n viszont megyek. Ha ez vigasztal titeket: sajn\u00e1latotokra nem szorulok, ti vagytok sz\u00e1nalmasak, amikor azt hiszitek, j\u00f3t tesztek a magyars\u00e1gnak, vagy azt hiszitek, hogy ellenemben ti lenn\u00e9tek az igazak. A most m\u00e1r fajelm\u00e9lettel is fert\u0151z\u00f6tt Orb\u00e1n-f\u00e9le fundamentalista konzervativizmus veszt\u00e9be viszi a magyars\u00e1got, mint vitte hasonl\u00f3 kor\u00e1bbi nemzetpolitika k\u00e9t h\u00e1bor\u00faban. Ebb\u0151l nem tanulni: b\u0171n, hazaveszt\u00e9s, nemzet\u00e1rul\u00e1s.<\/div>\r\n<\/div>\r\n<\/div>\r\n<\/div>\r\n<\/div>\r\n<\/div>\r\n<\/li>\r\n<\/ul>","type":"rich"}