{"version":"1.0","provider_name":"Virtu\u00e1lis Notesz. Balla D. K\u00e1roj jegyzetei","provider_url":"https:\/\/noteszgep.cafeblog.hu","author_name":"Balla D. K\u00e1roj","author_url":"https:\/\/noteszgep.cafeblog.hu\/author\/ungpartygmail-com\/","title":"Vidny\u00e1nszkyr\u00f3l m\u00e9gis","html":"<p>El\u00e9g sok\u00e1ig tart\u00f3zkodtam att\u00f3l, hogy Vidny\u00e1nszky Attila k\u00f6z\u00e9leti-kulturpolitikusi szerepl\u00e9s\u00e9r\u0151l negat\u00edvan nyilatkozzam. Egy id\u0151 ut\u00e1n azt\u00e1n m\u00e9gis \u00fagy \u00e9reztem, nem mehetek el sz\u00f3 n\u00e9lk\u00fcl amellett, amit m\u0171vel.<br \/><br \/>Blogbejegyz\u00e9seket most nem linkelek ide (megtal\u00e1lhat\u00f3k), de a Facebookon a minap folyt polimi\u00e1ban kifejtett v\u00e9lem\u00e9nyem egyes passzusait - magam sz\u00e1m\u00e1ra is eml\u00e9keztet\u0151\u00fcl - ide t\u0171z\u00f6m.<br \/><br \/>Ezek m\u00e1sok megjegyz\u00e9seire adott v\u00e1laszaim, reakci\u00f3im, de \u00f6n\u00e1ll\u00f3an is \u00e9rthet\u0151ek (itt ott nyestem a sz\u00f6vegb\u0151l):<br \/><br \/><\/p>\r\n<blockquote>VA mindent megtett az\u00e9rt, hogy m\u00e1r soha t\u00f6bbet ne tudjak r\u00e1 fen\u00e9zni. Remek rendez\u0151, de eladta mag\u00e1t, igaz, j\u00f3 p\u00e9nz\u00e9rt, poz\u00edci\u00f3\u00e9rt, hatalom\u00e9rt. \u00cdgy azt\u00e1n a remek rendez\u0151 helyett most m\u00e1r csak a p\u00f6ffeszked\u0151, s\u00e9rtett, hatalomv\u00e1gy\u00f3 \u00e9s bossz\u00fa\u00e1ll\u00e1sra is k\u00e9sz diszn\u00f3fej\u0171 nagy\u00far l\u00e1tszik bel\u0151le.<\/blockquote>\r\n<blockquote>attila nem kiszolg\u00e1ltatottja ennek a helyzetnek, hanem buzg\u00f3 el\u0151\u00e1ll\u00edt\u00f3ja. nem belek\u00e9nyszer\u00fclt, hanem b\u00fcszk\u00e9n bele\u00e1llt ebbe a negat\u00edv szerepbe, mert sz\u00e1m\u00edt\u00e1sb\u00f3l, s\u00e9rtetts\u00e9gb\u0151l, hatalomv\u00e1gyb\u00f3l (s megengedem: r\u00e9szben \u0151szinte elk\u00f6telezetts\u00e9gb\u0151l is) minden\u00e1ron el akarja j\u00e1tszani a nemzet sz\u00ednh\u00e1z\u00e1t a roml\u00e1sb\u00f3l kiemel\u0151 \u00e9s az \u00fcdv\u00f6ss\u00e9ghez vezet\u0151 \u00faton eredm\u00e9nyesen elvez\u00e9rl\u0151 messi\u00e1s szerep\u00e9t. ett\u0151l v\u00e1lik mindaz, amit csin\u00e1l, egyre ink\u00e1bb gy\u0171l\u00f6letesebb\u00e9. Sz\u00e1momra legal\u00e1bbis. De azt gondolom, \u00e9ppen az \u00e1ltalad is els\u0151dlegesnek tartott m\u0171v\u00e9szi \u00e9rt\u00e9kek ir\u00e1nt elk\u00f6telezettek k\u00f6z\u00fcl sokan gondolj\u00e1k velem egy\u00fctt azt, hogy \u00cdGY m\u00e1r nem igazulhat meg a m\u0171v\u00e9szet.<\/blockquote>\r\n<blockquote>...azt gondolom, minden lehets\u00e9ges pozit\u00edv \u00fcgynek \u00e1rt a magatart\u00e1sa. legt\u00f6bbet alighanem \u00e9ppen annak az \u00fcgynek \u00e1rt, amelynek elk\u00f6telezettjek\u00e9nt te v\u00e9ded \u0151t: Vidny\u00e1nszky Attila ma a magyar sz\u00ednh\u00e1z \u00f6ssznemzeti \u00fcgy\u00e9nek (ha van ilyen) tesz rosszat!!!! \u00e9n el\u00e9g sok\u00e1ig szurkoltam neki. azt\u00e1n j\u00f3 ideig kiv\u00e1rtam, tart\u00f3zkodtam att\u00f3l, hogy v\u00e9lem\u00e9nyt mondjak. m\u0171k\u00f6d\u00f6tt a szem\u00e9lyes bar\u00e1ts\u00e1g-k\u00f6zeli sok\u00e9ves kapcsolat eml\u00e9ke, m\u0171k\u00f6d\u00f6tt a k\u00e1rp\u00e1taljaiak k\u00f6zti szolidarit\u00e1s - legink\u00e1bb pedig a rendez\u0151i nagys\u00e1ga el\u0151tti tisztelet. de az ellen\u00e9rz\u00e9seim id\u0151vel fel\u00fclkerekedtek. azt\u00e1n a Ker\u00e9nyivel val\u00f3 egy\u00fctt-szerepl\u00e9se betet\u0151zte a dolgot. lehet, hogy ett\u0151l m\u00e1r valamelyest el\u0151\u00edt\u00e9letes lettem. k\u00e9ts\u00e9g k\u00edv\u00fcl nagyon neh\u00e9z lesz fel\u00fcl\u00edrnia azt, ami bennem ellene felgy\u00fclemlett \u00e9s ami most azt mondatja velem: m\u0171v\u00e9szi kvalit\u00e1sait emberi magatart\u00e1sa (f\u00e1j kimondani: hitv\u00e1nys\u00e1ga) leh\u00fazta a porba. mondom: ebben a helyzetben a m\u0171v\u00e9szet nem tud megigazulni. m\u00e9g ha eg\u00e9szs\u00e9ges lenne is az \u0151 hozz\u00e1\u00e1ll\u00e1sa. de az sem az. a m\u0171v\u00e9sz hihet a maga m\u0171v\u00e9szi igazs\u00e1g\u00e1ban, de nem gondolhatja azt, hogy m\u00e1s igazs\u00e1g nem l\u00e9tezik, de m\u00e9g azt sem, hogy az \u00f6v\u00e9 \u00fcdv\u00f6z\u00edt\u0151, a m\u00e1sik\u00e9 pedig ront\u00f3, \u00e1rt\u00f3, \u00f6rd\u00f6gt\u0151l val\u00f3. aki \u00edgy gondolkozik, az megcs\u00fafolja a m\u0171v\u00e9szet szabads\u00e1g\u00e1t.<\/blockquote>\r\n<hr \/>\r\n<p><a href=\"https:\/\/elsohely.wordpress.com\/\" target=\"_blank\" rel=\"noopener\">Els\u0151 oldal, els\u0151 hely. Mindenben az els\u0151<\/a><\/p>","type":"rich"}